{"id":6125,"date":"2023-05-04T15:10:59","date_gmt":"2023-05-04T13:10:59","guid":{"rendered":"https:\/\/dev.tierschutz.com\/?page_id=6125"},"modified":"2024-07-08T09:40:42","modified_gmt":"2024-07-08T07:40:42","slug":"expositions-animales-et-de-betail","status":"publish","type":"page","link":"https:\/\/mail.protezione-animali-psa.ch\/fr\/protection-des-animaux\/rubriques\/expositions-animales-et-de-betail\/","title":{"rendered":"Expositions animales et de b\u00e9tail"},"content":{"rendered":"\n<div class=\"wp-block-cover alignfull\"><span aria-hidden=\"true\" class=\"wp-block-cover__background has-background-dim-20 has-background-dim\"><\/span><img loading=\"lazy\" decoding=\"async\" width=\"1416\" height=\"910\" class=\"wp-block-cover__image-background wp-image-1618\" alt=\"Eine weiss hellbraune Kuh mit einem Nasenring und Seilen die daran und um die H\u00f6rner gebunden sind\" src=\"https:\/\/tierschutz.com\/app\/uploads\/2023\/05\/STS-Tierhaltung-Kuh.jpg\" style=\"object-position:52% 73%\" data-object-fit=\"cover\" data-object-position=\"52% 73%\" srcset=\"https:\/\/mail.protezione-animali-psa.ch\/app\/uploads\/2023\/05\/STS-Tierhaltung-Kuh.jpg 1416w, https:\/\/mail.protezione-animali-psa.ch\/app\/uploads\/2023\/05\/STS-Tierhaltung-Kuh-300x193.jpg 300w, https:\/\/mail.protezione-animali-psa.ch\/app\/uploads\/2023\/05\/STS-Tierhaltung-Kuh-1024x658.jpg 1024w, https:\/\/mail.protezione-animali-psa.ch\/app\/uploads\/2023\/05\/STS-Tierhaltung-Kuh-768x494.jpg 768w\" sizes=\"auto, (max-width: 1416px) 100vw, 1416px\" \/><div class=\"wp-block-cover__inner-container is-layout-flow wp-block-cover-is-layout-flow\">\n<h2 class=\"wp-block-heading has-text-align-center has-background-color has-text-color\" id=\"h-expositions-animales-et-de-betail\"><strong>Expositions animales et de b\u00e9tail<\/strong><\/h2>\n<\/div><\/div>\n\n\n\n<div class=\"wp-block-group alignfull anchor-bar has-lightgray-background-color has-background is-layout-constrained wp-block-group-is-layout-constrained\">\n<div class=\"wp-block-group is-content-justification-space-between is-layout-flex wp-container-core-group-is-layout-9366075c wp-block-group-is-layout-flex\">\n<p class=\"has-large-font-size\"><strong><a data-type=\"internal\" data-id=\"#einleitung\" href=\"#einleitung\">Introduction<\/a><\/strong><\/p>\n\n\n\n<p class=\"has-large-font-size\"><strong><a data-type=\"internal\" data-id=\"#kritikpunkt\" href=\"#kritikpunkt\">Points critiques des expositions d&#8217;animaux<\/a><\/strong><\/p>\n\n\n\n<p class=\"has-large-font-size\"><strong><a data-type=\"internal\" data-id=\"#berichte\" href=\"#berichte\"><strong>Rapports d&#8217;expositions d&#8217;animaux et de b\u00e9tail<\/strong><\/a><\/strong><\/p>\n<\/div>\n<\/div>\n\n\n\n<div class=\"wp-block-group alignfull has-background-background-color has-background is-layout-constrained wp-block-group-is-layout-constrained\" id=\"einleitung\"><div class=\"yoast-breadcrumbs\"><span><span><a href=\"https:\/\/mail.swiss-animal-protection.ch\/fr\/\">Page d\u2019accueil<\/a><\/span> \u00bb <span><a href=\"https:\/\/mail.schweizer-tierschutz-sts.ch\/fr\/protection-des-animaux\/\">Protection des animaux\u00a0<\/a><\/span> \u00bb <span><a href=\"https:\/\/mail.schweizer-tierschutz-sts.ch\/fr\/protection-des-animaux\/rubriques\/\">Rubriques<\/a><\/span> \u00bb <span class=\"breadcrumb_last\" aria-current=\"page\">Expositions animales et de b\u00e9tail<\/span><\/span><\/div>\n\n\n<h1 class=\"wp-block-heading has-text-align-center\" id=\"h-expositions-d-animaux\"><strong>Expositions d\u2019animaux<\/strong><\/h1>\n\n\n\n<hr class=\"wp-block-separator has-text-color has-primary-color has-alpha-channel-opacity has-primary-background-color has-background\"\/>\n\n\n\n<p>Plusieurs centaines de milliers de visiteurs se rendent chaque ann\u00e9e aux expositions suisses d\u2019animaux pour y d\u00e9couvrir des animaux de compagnie et de rente, dont des esp\u00e8ces domestiques mais aussi exotiques. Les manifestations durent g\u00e9n\u00e9ralement de un \u00e0 trois jours, les grandes foires, quant \u00e0 elles, durent jusqu\u2019\u00e0 11 jours (p. ex. OLMA, LUGA ou BEA). Apr\u00e8s l\u2019interruption provoqu\u00e9e par la pand\u00e9mie de Covid-19, la plupart des expositions, march\u00e9s et bourses ont repris \u00e0 partir de 2022. Au cours de huit manifestations en 2023, la Protection Suisse des Animaux PSA a examin\u00e9 les conditions dans lesquelles les animaux \u00e9taient d\u00e9tenus et comment ils \u00e9taient trait\u00e9s en mati\u00e8re de bien-\u00eatre et de protection des animaux. L\u00e0 o\u00f9 c\u2019est n\u00e9cessaire, la PSA appelle les organisateurs \u00e0 apporter des am\u00e9liorations et montre des exemples de la mani\u00e8re dont celles-ci peuvent \u00eatre mises en \u0153uvre.&nbsp;<\/p>\n\n\n\n<p>Depuis 2014, la PSA m\u00e8ne chaque ann\u00e9e cette enqu\u00eate sur les expositions d\u2019animaux, hormis durant l\u2019ann\u00e9e de Covid-19. Bon nombre de nos observations ont \u00e9t\u00e9 accueillies positivement tant par le public, les exposants, les organisateurs que les autorit\u00e9s d\u2019ex\u00e9cution et ont \u00e9t\u00e9 mises en \u0153uvre pour am\u00e9liorer le bien-\u00eatre des animaux. Des formes de d\u00e9tention en groupes et en stabulation libre bien structur\u00e9es pour certains animaux en sont l\u2019exemple. Les petits animaux tels que les lapins, les reptiles et les oiseaux d\u2019ornement sont d\u00e9sormais souvent d\u00e9tenus dans des conditions respectueuses de leurs besoins.&nbsp;<\/p>\n\n\n\n<p>Les critiques les plus courantes du point de vue de la protection des animaux concernent les sollicitations excessives impos\u00e9es aux animaux d\u00e9tenus dans des conditions inhabituelles et exigue\u0308s, avec d\u2019autres animaux inconnus, le bruit et le contact des visiteurs par le toucher. Souvent, les animaux expos\u00e9s n\u2019ont pas de possibilit\u00e9 de se retirer et de se reposer, ce qui surajoute du stress pour eux. Le traitement r\u00e9serv\u00e9 aux animaux dans les mini-zoos est particuli\u00e8rement probl\u00e9matique. Il faudrait avoir une gestion coh\u00e9rente en termes de densit\u00e9 animale, de flux de visiteurs et d\u2019espaces de repos afin de prot\u00e9ger les animaux du surmenage.&nbsp;<\/p>\n\n\n\n<p>Ce qui est pr\u00e9occupant et d\u00e9cevant, c\u2019est le traitement souvent brutal des animaux ainsi que la r\u00e9sistance aux critiques de certains \u00e9leveurs de races extr\u00eames lors des expositions de chiens, de chats et de reptiles. \u00c0 l\u2019aide d\u2019exemples bien illustr\u00e9s, notre rapport montre les diff\u00e9rences entre de bonnes et de mauvaises conditions de d\u00e9tention ainsi qu\u2019entre un bon et un mauvais traitement des animaux pr\u00e9sent\u00e9s. Certains exposants consid\u00e8rent nos recommandations sans int\u00e9r\u00eat et ne respectent pas les dispositions de protection des animaux. Les documentations s\u2019adressent \u00e9galement aux services cantonaux charg\u00e9s de leur ex\u00e9cution afin de mettre en \u00e9vidence des infractions aux dispositions de protection des animaux.&nbsp;<\/p>\n\n\n\n<p>Exposants, \u00e9leveurs et propri\u00e9taires d\u2019animaux ont l\u2019immense responsabilit\u00e9 de pr\u00e9senter aux visiteurs des conditions de d\u00e9tention exemplaires et un traitement digne des animaux afin de leur permettre ensuite d\u2019appliquer ce qu\u2019ils ont vu \u00e0 la maison et dans l\u2019exploitation. Toutefois, l\u2019occasion est manqu\u00e9e pour certaines expositions. Les juges jouent \u00e9galement un r\u00f4le important dans la s\u00e9lection d\u2019animaux d\u2019\u00e9levage en bonne sant\u00e9 et devraient concentrer leur expertise principalement sur la sant\u00e9 et le bien-\u00eare des animaux.&nbsp;<\/p>\n\n\n\n<p>Julika Fitzi-Rathgen Dr m\u00e9d. v\u00e9t. MLaw&nbsp;<br>Protection Suisse des Animaux PSA&nbsp;<br>Responsable du projet Expositions d\u2019animaux&nbsp;<\/p>\n<\/div>\n\n\n\n<div id=\"kritikpunkt\" class=\"wp-block-group has-background-background-color has-background is-layout-constrained wp-block-group-is-layout-constrained\">\n<h2 class=\"wp-block-heading has-text-align-center\" id=\"h-critiques-frequentes-concernant-la-protection-des-animaux\"><strong><strong><strong>Critiques fr\u00e9quentes concernant la protection des animaux:<\/strong><\/strong><\/strong><\/h2>\n\n\n\n<hr class=\"wp-block-separator has-text-color has-primary-color has-alpha-channel-opacity has-primary-background-color has-background\"\/>\n\n\n\n<div class=\"wp-block-columns is-style-accordion is-layout-flex wp-container-core-columns-is-layout-28f84493 wp-block-columns-is-layout-flex\">\n<div class=\"wp-block-column is-layout-flow wp-block-column-is-layout-flow\">\n<h3 class=\"wp-block-heading\" id=\"h-surmenage-des-animaux\"><strong><strong>Surmenage des animaux<\/strong><\/strong><\/h3>\n<\/div>\n\n\n\n<div class=\"wp-block-column is-layout-flow wp-block-column-is-layout-flow\">\n<p>L\u2019adaptabilit\u00e9 de nombreux animaux semble sursollicit\u00e9e durant les manifestations. Cela est d\u00fb \u00e0 la situation spatiale inhabituelle et fr\u00e9quemment restreinte, aux nouveaux voisins souvent inconnus qu\u2019ils doivent tol\u00e9rer, au bruit inhabituel, au public nombreux qui touche fr\u00e9quemment les animaux et ne leur permet pas de manger tranquillement. Comme souvent ils n\u2019ont pas de possibilit\u00e9 de retrait, ils ne peuvent se reposer et se d\u00e9tendre que la nuit lorsque le public n\u2019est pas l\u00e0. Mais cela n\u2019est pas non plus sans poser de probl\u00e8me aux animaux, notamment lorsque l\u2019espace est limit\u00e9 et que la distance individuelle entre eux ne peut \u00eatre respect\u00e9e. La situation est particuli\u00e8rement difficile lorsque les groupes sont nouvellement constitu\u00e9s et que les animaux ne se connaissent pas.<\/p>\n<\/div>\n<\/div>\n\n\n\n<div class=\"wp-block-columns is-style-accordion is-layout-flex wp-container-core-columns-is-layout-28f84493 wp-block-columns-is-layout-flex\">\n<div class=\"wp-block-column is-layout-flow wp-block-column-is-layout-flow\">\n<h3 class=\"wp-block-heading\" id=\"h-zoo-pour-enfants\"><strong><strong>Zoo pour enfants<\/strong><\/strong><\/h3>\n<\/div>\n\n\n\n<div class=\"wp-block-column is-layout-flow wp-block-column-is-layout-flow\">\n<p>Les mini-zoos constituent \u00e9galement un \u00e9cueil pour les exposants et exposantes ainsi que pour les responsables de l\u2019organisation. L\u2019afflux d\u2019enfants, de parents, grands-parents et autres personnes d\u2019encadrement est souvent \u00e9norme et requerrait une gestion rigoureuse et des mesures \u00e9nergiques de la part des exposants et exposantes. Il faudrait aussi suffisamment d\u2019espace (de retrait et de repos) afin de r\u00e9guler le flux du public pour que les animaux ne soient pas totalement submerg\u00e9s par la foule et les caresses.<\/p>\n<\/div>\n<\/div>\n\n\n\n<div class=\"wp-block-columns is-style-accordion is-layout-flex wp-container-core-columns-is-layout-28f84493 wp-block-columns-is-layout-flex\">\n<div class=\"wp-block-column is-layout-flow wp-block-column-is-layout-flow\">\n<h3 class=\"wp-block-heading\" id=\"h-manipulation-grossiere\"><strong><strong>Manipulation grossi\u00e8re<\/strong><\/strong><\/h3>\n<\/div>\n\n\n\n<div class=\"wp-block-column is-layout-flow wp-block-column-is-layout-flow\">\n<p>Nous trouvons particuli\u00e8rement d\u00e9sagr\u00e9able et probl\u00e9matique pour la protection des animaux le traitement brutal, observ\u00e9 \u00e0 maintes reprises, des animaux expos\u00e9s et\/ou pr\u00e9sent\u00e9s.<\/p>\n<\/div>\n<\/div>\n\n\n\n<div class=\"wp-block-columns is-style-accordion is-layout-flex wp-container-core-columns-is-layout-28f84493 wp-block-columns-is-layout-flex\">\n<div class=\"wp-block-column is-layout-flow wp-block-column-is-layout-flow\">\n<h3 class=\"wp-block-heading\" id=\"h-culture-extreme\"><strong><strong>Culture extr\u00eame<\/strong><\/strong><\/h3>\n<\/div>\n\n\n\n<div class=\"wp-block-column is-layout-flow wp-block-column-is-layout-flow\">\n<p>Nous sommes \u00e9galement tr\u00e8s d\u00e9\u00e7us par les personnes pratiquant l\u2019\u00e9levage extr\u00eame, souvent r\u00e9fractaires \u00e0 la critique lors des expositions de chiens, de chats et de reptiles.<\/p>\n<\/div>\n<\/div>\n<\/div>\n\n\n\n<div class=\"wp-block-group alignfull has-background-background-color has-background is-layout-constrained wp-block-group-is-layout-constrained\">\n<div class=\"wp-block-group is-layout-flex wp-container-core-group-is-layout-d0921e6e wp-block-group-is-layout-flex\">\n<div class=\"wp-block-group is-style-shadow-box has-background-background-color has-background is-layout-constrained wp-block-group-is-layout-constrained\">\n<p>Nous nous effor\u00e7ons de pr\u00e9senter de mani\u00e8re totalement transparente nos observations et nos \u00e9valuations dans des rapports largement illustr\u00e9s. Leur objectif est aussi notamment de montrer au public ce qui fait la diff\u00e9rence entre de bonnes et de mauvaises conditions de d\u00e9tention, respectueuses des animaux ou inad\u00e9quates. Car malheureusement, il existe aussi des responsables d\u2019exposition ainsi que des exposants et exposantes qui ne voient pas l\u2019int\u00e9r\u00eat de nos recommandations et qui font peu d\u2019efforts, voire aucun, pour am\u00e9liorer la protection et le bien-\u00eatre des animaux durant les expositions et les manifestations. <\/p>\n\n\n\n<p>Par ailleurs, nous devons r\u00e9guli\u00e8rement constater des infractions aux dispositions de protection des animaux en vigueur. Ce rapport s\u2019adresse donc \u00e9galement aux services cantonaux charg\u00e9s de les faire appliquer et vise \u00e0 montrer o\u00f9 et \u00e0 quelles expositions il convient de s\u2019int\u00e9resser de plus pr\u00e8s.<\/p>\n<\/div>\n\n\n\n<div class=\"wp-block-group is-style-shadow-box has-background-background-color has-background is-layout-constrained wp-block-group-is-layout-constrained\">\n<p>De notre point de vue, les expositions d\u2019animaux resp. les exposants et exposantes, les \u00e9leveurs et \u00e9leveuses ainsi que les d\u00e9tenteurs et d\u00e9tentrices d\u2019animaux assument une grande responsabilit\u00e9 quant \u00e0 la mani\u00e8re dont ils pr\u00e9sentent, d\u00e9tiennent et traitent \u00ableurs\u00bb animaux en pr\u00e9sence du public. Ce sont eux qui offrent la possibilit\u00e9 au public (ou qui pourraient le faire) de voir \u00e0 quoi ressemblent des conditions de d\u00e9tention exemplaires ainsi qu\u2019une fa\u00e7on de traiter respectueusement et dignement les animaux qui leur sont confi\u00e9s. Malheureusement, nombre d\u2019exposants et d\u2019exposantes ont manqu\u00e9 cette occasion.<\/p>\n\n\n\n<p>Les juges ont \u00e9galement une lourde responsabilit\u00e9 lors des expositions en raison de leur forte implication dans la s\u00e9lection des animaux reproducteurs sains et de leurs prog\u00e9nitures, ainsi que de leur contribution \u00e0 la sant\u00e9 des animaux \u00e0 condition de ne pas focaliser leur expertise uniquement sur leur apparence, mais principalement sur l\u2019aspect sant\u00e9.<\/p>\n<\/div>\n<\/div>\n<\/div>\n\n\n\n<div class=\"wp-block-group alignfull has-background-background-color has-background is-layout-constrained wp-block-group-is-layout-constrained\">\n<h2 class=\"wp-block-heading has-text-align-center\" id=\"h-telechargements\"><strong><strong>T\u00e9l\u00e9chargements<\/strong><\/strong><\/h2>\n\n\n\n<hr class=\"wp-block-separator has-text-color has-primary-color has-alpha-channel-opacity has-primary-background-color has-background\"\/>\n\n\n\n<div class=\"wp-block-group is-layout-flex wp-block-group-is-layout-flex\"><div class=\"wp-block-file-wrapper is-pdf\" data-filetype=\"PDF\" data-size=\"9 Mo\">\n<div class=\"wp-block-file\"><a id=\"wp-block-file--media-162c742f-bca9-4180-b1ee-53e44fcad1be\" href=\"https:\/\/tierschutz.com\/app\/uploads\/2024\/07\/tierausstellungen_2023_fr.pdf\">Expositions d&#8217;animaux 2023<\/a><a href=\"https:\/\/tierschutz.com\/app\/uploads\/2024\/07\/tierausstellungen_2023_fr.pdf\" class=\"wp-block-file__button wp-element-button\" download aria-describedby=\"wp-block-file--media-162c742f-bca9-4180-b1ee-53e44fcad1be\">T\u00e9l\u00e9charger<\/a><\/div>\n<\/div>\n\n<div class=\"wp-block-file-wrapper is-pdf\" data-filetype=\"PDF\" data-size=\"5 Mo\">\n<div class=\"wp-block-file\"><a id=\"wp-block-file--media-aeeb682b-2cc5-4e06-999a-d011aedfd58b\" href=\"https:\/\/tierschutz.com\/app\/uploads\/2023\/06\/expositions_d_animaux_2022.pdf\">Expositions d&#8217;animaux 2022<\/a><a href=\"https:\/\/tierschutz.com\/app\/uploads\/2023\/06\/expositions_d_animaux_2022.pdf\" class=\"wp-block-file__button wp-element-button\" download aria-describedby=\"wp-block-file--media-aeeb682b-2cc5-4e06-999a-d011aedfd58b\">T\u00e9l\u00e9charger<\/a><\/div>\n<\/div>\n\n<div class=\"wp-block-file-wrapper is-pdf\" data-filetype=\"PDF\" data-size=\"9 Mo\">\n<div class=\"wp-block-file\"><a id=\"wp-block-file--media-aeeb682b-2cc5-4e06-999a-d011aedfd58b\" href=\"https:\/\/tierschutz.com\/app\/uploads\/2023\/10\/rapport_expositions_animales2019.pdf\">Expositions d&#8217;animaux 2019<\/a><a href=\"https:\/\/tierschutz.com\/app\/uploads\/2023\/10\/rapport_expositions_animales2019.pdf\" class=\"wp-block-file__button wp-element-button\" download aria-describedby=\"wp-block-file--media-aeeb682b-2cc5-4e06-999a-d011aedfd58b\">T\u00e9l\u00e9charger<\/a><\/div>\n<\/div>\n\n<div class=\"wp-block-file-wrapper is-pdf\" data-filetype=\"PDF\" data-size=\"52 Mo\">\n<div class=\"wp-block-file\"><a id=\"wp-block-file--media-aeeb682b-2cc5-4e06-999a-d011aedfd58b\" href=\"https:\/\/tierschutz.com\/app\/uploads\/2023\/10\/rapport_expositions_animales2018.pdf\">Expositions d&#8217;animaux 2018<\/a><a href=\"https:\/\/tierschutz.com\/app\/uploads\/2023\/10\/rapport_expositions_animales2018.pdf\" class=\"wp-block-file__button wp-element-button\" download aria-describedby=\"wp-block-file--media-aeeb682b-2cc5-4e06-999a-d011aedfd58b\">T\u00e9l\u00e9charger<\/a><\/div>\n<\/div><\/div>\n<\/div>\n\n\n\n<div class=\"wp-block-group alignfull has-background-background-color has-background is-layout-constrained wp-block-group-is-layout-constrained\" id=\"berichte\">\n<h2 class=\"wp-block-heading has-text-align-center\" id=\"h-rapports-d-expositions-d-animaux-et-de-betail\"><strong>Rapports d&#8217;expositions d&#8217;animaux et de b\u00e9tail<\/strong><\/h2>\n\n\n\n<hr class=\"wp-block-separator has-text-color has-primary-color has-alpha-channel-opacity has-primary-background-color has-background\"\/>\n<\/div>\n\n\n\n<div class=\"wp-block-group has-background-background-color has-background is-layout-constrained wp-block-group-is-layout-constrained\">\n<div class=\"wp-block-query is-ajax is-layout-flow wp-block-query-is-layout-flow\"><ul class=\"columns-3 wp-block-post-template is-layout-grid wp-container-core-post-template-is-layout-6d3fbd8f wp-block-post-template-is-layout-grid\"><li class=\"wp-block-post post-6135 exhibit type-exhibit status-publish has-post-thumbnail hentry exhibit-category-expositions-animales exhibit-tag-update\">\n<figure class=\"wp-block-post-featured-image\"><a href=\"https:\/\/mail.protezione-animali-psa.ch\/fr\/exhibit\/foire-de-chaindon\/\" target=\"_self\"  ><img loading=\"lazy\" decoding=\"async\" width=\"2560\" height=\"1706\" src=\"https:\/\/mail.protezione-animali-psa.ch\/app\/uploads\/2022\/09\/Bild-1_Recht-eng-angebundene-Kuehe-scaled.jpg\" class=\"attachment-post-thumbnail size-post-thumbnail wp-post-image\" alt=\"Foire de Chaindon\" style=\"object-fit:cover;\" srcset=\"https:\/\/mail.protezione-animali-psa.ch\/app\/uploads\/2022\/09\/Bild-1_Recht-eng-angebundene-Kuehe-scaled.jpg 2560w, https:\/\/mail.protezione-animali-psa.ch\/app\/uploads\/2022\/09\/Bild-1_Recht-eng-angebundene-Kuehe-300x200.jpg 300w, https:\/\/mail.protezione-animali-psa.ch\/app\/uploads\/2022\/09\/Bild-1_Recht-eng-angebundene-Kuehe-1024x683.jpg 1024w, https:\/\/mail.protezione-animali-psa.ch\/app\/uploads\/2022\/09\/Bild-1_Recht-eng-angebundene-Kuehe-768x512.jpg 768w, https:\/\/mail.protezione-animali-psa.ch\/app\/uploads\/2022\/09\/Bild-1_Recht-eng-angebundene-Kuehe-1536x1024.jpg 1536w, https:\/\/mail.protezione-animali-psa.ch\/app\/uploads\/2022\/09\/Bild-1_Recht-eng-angebundene-Kuehe-2048x1365.jpg 2048w\" sizes=\"auto, (max-width: 2560px) 100vw, 2560px\" \/><\/a><\/figure>\n\n<div class=\"taxonomy-category has-text-color has-secondary-color has-background has-background-background-color wp-block-post-terms\"><div href=\"https:\/\/mail.protezione-animali-psa.ch\/exhibit-tag\/update\/\" rel=\"tag\">Update<\/div><\/div>\n\n<h3 class=\"wp-block-post-title\"><a href=\"https:\/\/mail.protezione-animali-psa.ch\/fr\/exhibit\/foire-de-chaindon\/\" target=\"_self\" >Foire de Chaindon<\/a><\/h3>\n\n<div class=\"wp-block-post-date has-text-color has-secondary-color\"><time datetime=\"2024-09-02T12:40:00+02:00\">2 septembre 2024<\/time><\/div>\n\n<div class=\"wp-block-post-excerpt\"><p class=\"wp-block-post-excerpt__excerpt\">La Foire de Chaindon \u00e0 Reconvilier est l&#8217;un des march\u00e9s aux bestiaux les plus traditionnels d&#8217;Europe, o\u00f9 chaque ann\u00e9e sont pr\u00e9sent\u00e9s et vendus de nombreux bovins, \u00e9quid\u00e9s, moutons, ch\u00e8vres, petits animaux et volailles.<\/p><p class=\"wp-block-post-excerpt__more-text\"><a class=\"wp-block-post-excerpt__more-link\" href=\"https:\/\/mail.protezione-animali-psa.ch\/fr\/exhibit\/foire-de-chaindon\/\">Vers le rapport<\/a><\/p><\/div>\n<\/li><li class=\"wp-block-post post-6140 exhibit type-exhibit status-publish has-post-thumbnail hentry exhibit-category-expositions-animales exhibit-tag-update\">\n<figure class=\"wp-block-post-featured-image\"><a href=\"https:\/\/mail.protezione-animali-psa.ch\/fr\/exhibit\/exposition-canine-internationale-a-lucerne\/\" target=\"_self\"  ><img loading=\"lazy\" decoding=\"async\" width=\"975\" height=\"640\" src=\"https:\/\/mail.protezione-animali-psa.ch\/app\/uploads\/2023\/06\/STS-Internationale-Hundeaustellung-Luzern.jpg\" class=\"attachment-post-thumbnail size-post-thumbnail wp-post-image\" alt=\"Exposition canine internationale \u00e0 Lucerne\" style=\"object-fit:cover;\" srcset=\"https:\/\/mail.protezione-animali-psa.ch\/app\/uploads\/2023\/06\/STS-Internationale-Hundeaustellung-Luzern.jpg 975w, https:\/\/mail.protezione-animali-psa.ch\/app\/uploads\/2023\/06\/STS-Internationale-Hundeaustellung-Luzern-300x197.jpg 300w, https:\/\/mail.protezione-animali-psa.ch\/app\/uploads\/2023\/06\/STS-Internationale-Hundeaustellung-Luzern-768x504.jpg 768w\" sizes=\"auto, (max-width: 975px) 100vw, 975px\" \/><\/a><\/figure>\n\n<div class=\"taxonomy-category has-text-color has-secondary-color has-background has-background-background-color wp-block-post-terms\"><div href=\"https:\/\/mail.protezione-animali-psa.ch\/exhibit-tag\/update\/\" rel=\"tag\">Update<\/div><\/div>\n\n<h3 class=\"wp-block-post-title\"><a href=\"https:\/\/mail.protezione-animali-psa.ch\/fr\/exhibit\/exposition-canine-internationale-a-lucerne\/\" target=\"_self\" >Exposition canine internationale \u00e0 Lucerne<\/a><\/h3>\n\n<div class=\"wp-block-post-date has-text-color has-secondary-color\"><time datetime=\"2024-08-25T13:23:00+02:00\">25 ao\u00fbt 2024<\/time><\/div>\n\n<div class=\"wp-block-post-excerpt\"><p class=\"wp-block-post-excerpt__excerpt\">L&#8217;exposition canine internationale de Lucerne 2024 est l&#8217;un des \u00e9v\u00e9nements consacr\u00e9s aux animaux les plus importants de Suisse. Elle a attir\u00e9 des milliers de chiens de races tr\u00e8s diverses ainsi que de nombreux visiteurs \u00e0 l&#8217;Allmend de Lucerne.<\/p><p class=\"wp-block-post-excerpt__more-text\"><a class=\"wp-block-post-excerpt__more-link\" href=\"https:\/\/mail.protezione-animali-psa.ch\/fr\/exhibit\/exposition-canine-internationale-a-lucerne\/\">Vers le rapport<\/a><\/p><\/div>\n<\/li><li class=\"wp-block-post post-11173 exhibit type-exhibit status-publish has-post-thumbnail hentry exhibit-category-expositions-animales exhibit-tag-update\">\n<figure class=\"wp-block-post-featured-image\"><a href=\"https:\/\/mail.protezione-animali-psa.ch\/fr\/exhibit\/marche-concours-saignelegier-2\/\" target=\"_self\"  ><img loading=\"lazy\" decoding=\"async\" width=\"1200\" height=\"825\" src=\"https:\/\/mail.protezione-animali-psa.ch\/app\/uploads\/2019\/08\/marche-concours.jpg\" class=\"attachment-post-thumbnail size-post-thumbnail wp-post-image\" alt=\"March\u00e9-Concours Saignel\u00e9gier\" style=\"object-fit:cover;\" srcset=\"https:\/\/mail.protezione-animali-psa.ch\/app\/uploads\/2019\/08\/marche-concours.jpg 1200w, https:\/\/mail.protezione-animali-psa.ch\/app\/uploads\/2019\/08\/marche-concours-300x206.jpg 300w, https:\/\/mail.protezione-animali-psa.ch\/app\/uploads\/2019\/08\/marche-concours-1024x704.jpg 1024w, https:\/\/mail.protezione-animali-psa.ch\/app\/uploads\/2019\/08\/marche-concours-768x528.jpg 768w\" sizes=\"auto, (max-width: 1200px) 100vw, 1200px\" \/><\/a><\/figure>\n\n<div class=\"taxonomy-category has-text-color has-secondary-color has-background has-background-background-color wp-block-post-terms\"><div href=\"https:\/\/mail.protezione-animali-psa.ch\/exhibit-tag\/update\/\" rel=\"tag\">Update<\/div><\/div>\n\n<h3 class=\"wp-block-post-title\"><a href=\"https:\/\/mail.protezione-animali-psa.ch\/fr\/exhibit\/marche-concours-saignelegier-2\/\" target=\"_self\" >March\u00e9-Concours Saignel\u00e9gier<\/a><\/h3>\n\n<div class=\"wp-block-post-date has-text-color has-secondary-color\"><time datetime=\"2024-08-11T13:35:00+02:00\">11 ao\u00fbt 2024<\/time><\/div>\n\n<div class=\"wp-block-post-excerpt\"><p class=\"wp-block-post-excerpt__excerpt\">Le March\u00e9-Concours national de chevaux \u00e0 Saignel\u00e9gier est la f\u00eate du cheval Franches-Montagnes la plus importante et la plus traditionnelle de Suisse.<\/p><p class=\"wp-block-post-excerpt__more-text\"><a class=\"wp-block-post-excerpt__more-link\" href=\"https:\/\/mail.protezione-animali-psa.ch\/fr\/exhibit\/marche-concours-saignelegier-2\/\">Vers le rapport<\/a><\/p><\/div>\n<\/li><li class=\"wp-block-post post-26880 exhibit type-exhibit status-publish has-post-thumbnail hentry exhibit-category-expositions-animales exhibit-tag-update\">\n<figure class=\"wp-block-post-featured-image\"><a href=\"https:\/\/mail.protezione-animali-psa.ch\/fr\/exhibit\/bea-bern\/\" target=\"_self\"  ><img loading=\"lazy\" decoding=\"async\" width=\"1200\" height=\"697\" src=\"https:\/\/mail.protezione-animali-psa.ch\/app\/uploads\/2019\/04\/bea-bern-24.jpg\" class=\"attachment-post-thumbnail size-post-thumbnail wp-post-image\" alt=\"BEA Bern\" style=\"object-fit:cover;\" srcset=\"https:\/\/mail.protezione-animali-psa.ch\/app\/uploads\/2019\/04\/bea-bern-24.jpg 1200w, https:\/\/mail.protezione-animali-psa.ch\/app\/uploads\/2019\/04\/bea-bern-24-300x174.jpg 300w, https:\/\/mail.protezione-animali-psa.ch\/app\/uploads\/2019\/04\/bea-bern-24-1024x595.jpg 1024w, https:\/\/mail.protezione-animali-psa.ch\/app\/uploads\/2019\/04\/bea-bern-24-768x446.jpg 768w\" sizes=\"auto, (max-width: 1200px) 100vw, 1200px\" \/><\/a><\/figure>\n\n<div class=\"taxonomy-category has-text-color has-secondary-color has-background has-background-background-color wp-block-post-terms\"><div href=\"https:\/\/mail.protezione-animali-psa.ch\/exhibit-tag\/update\/\" rel=\"tag\">Update<\/div><\/div>\n\n<h3 class=\"wp-block-post-title\"><a href=\"https:\/\/mail.protezione-animali-psa.ch\/fr\/exhibit\/bea-bern\/\" target=\"_self\" >BEA Bern<\/a><\/h3>\n\n<div class=\"wp-block-post-date has-text-color has-secondary-color\"><time datetime=\"2024-05-07T14:53:00+02:00\">7 mai 2024<\/time><\/div>\n\n<div class=\"wp-block-post-excerpt\"><p class=\"wp-block-post-excerpt__excerpt\">En 2024, la BEA s\u2019est en grande partie montr\u00e9e sous le jour d\u2019une exposition respectueuse des animaux, avec de nouvelles am\u00e9liorations par rapport aux observations faites l\u2019ann\u00e9e derni\u00e8re.<\/p><p class=\"wp-block-post-excerpt__more-text\"><a class=\"wp-block-post-excerpt__more-link\" href=\"https:\/\/mail.protezione-animali-psa.ch\/fr\/exhibit\/bea-bern\/\">Vers le rapport<\/a><\/p><\/div>\n<\/li><li class=\"wp-block-post post-20054 exhibit type-exhibit status-publish has-post-thumbnail hentry exhibit-category-expositions-animales exhibit-tag-nouveau\">\n<figure class=\"wp-block-post-featured-image\"><a href=\"https:\/\/mail.protezione-animali-psa.ch\/fr\/exhibit\/exposition-feline-internationale-a-delemont\/\" target=\"_self\"  ><img loading=\"lazy\" decoding=\"async\" width=\"977\" height=\"564\" src=\"https:\/\/mail.protezione-animali-psa.ch\/app\/uploads\/2024\/05\/katzenausstellung.jpg\" class=\"attachment-post-thumbnail size-post-thumbnail wp-post-image\" alt=\"\u00a0Exposition f\u00e9line internationale \u00e0 Del\u00e9mont\u00a0\" style=\"object-fit:cover;\" srcset=\"https:\/\/mail.protezione-animali-psa.ch\/app\/uploads\/2024\/05\/katzenausstellung.jpg 977w, https:\/\/mail.protezione-animali-psa.ch\/app\/uploads\/2024\/05\/katzenausstellung-300x173.jpg 300w, https:\/\/mail.protezione-animali-psa.ch\/app\/uploads\/2024\/05\/katzenausstellung-768x443.jpg 768w\" sizes=\"auto, (max-width: 977px) 100vw, 977px\" \/><\/a><\/figure>\n\n<div class=\"taxonomy-category has-text-color has-secondary-color has-background has-background-background-color wp-block-post-terms\"><div href=\"https:\/\/mail.protezione-animali-psa.ch\/fr\/exhibit-tag\/nouveau\/\" rel=\"tag\">Nouveau<\/div><\/div>\n\n<h3 class=\"wp-block-post-title\"><a href=\"https:\/\/mail.protezione-animali-psa.ch\/fr\/exhibit\/exposition-feline-internationale-a-delemont\/\" target=\"_self\" >\u00a0Exposition f\u00e9line internationale \u00e0 Del\u00e9mont\u00a0<\/a><\/h3>\n\n<div class=\"wp-block-post-date has-text-color has-secondary-color\"><time datetime=\"2023-12-16T11:25:00+01:00\">16 d\u00e9cembre 2023<\/time><\/div>\n\n<div class=\"wp-block-post-excerpt\"><p class=\"wp-block-post-excerpt__excerpt\">L\u2019exposition f\u00e9line de Del\u00e9mont a \u00e9t\u00e9 \u00e9tonnamment positive \u00e0 de nombreux \u00e9gards. La plupart des chats ont \u00e9t\u00e9 bien trait\u00e9s; la majorit\u00e9 d\u2019entre eux \u00e9taient manifestement habitu\u00e9s \u00e0 \u00eatre expos\u00e9s et se sont bien comport\u00e9s dans ces circonstances.<\/p><p class=\"wp-block-post-excerpt__more-text\"><a class=\"wp-block-post-excerpt__more-link\" href=\"https:\/\/mail.protezione-animali-psa.ch\/fr\/exhibit\/exposition-feline-internationale-a-delemont\/\">Vers le rapport<\/a><\/p><\/div>\n<\/li><li class=\"wp-block-post post-18767 exhibit type-exhibit status-publish has-post-thumbnail hentry exhibit-category-expositions-animales exhibit-tag-nouveau\">\n<figure class=\"wp-block-post-featured-image\"><a href=\"https:\/\/mail.protezione-animali-psa.ch\/fr\/exhibit\/marche-aux-oeufs-poussins-et-jeunes-sujets\/\" target=\"_self\"  ><img loading=\"lazy\" decoding=\"async\" width=\"979\" height=\"647\" src=\"https:\/\/mail.protezione-animali-psa.ch\/app\/uploads\/2024\/04\/kuekenmarkt.jpg\" class=\"attachment-post-thumbnail size-post-thumbnail wp-post-image\" alt=\"March\u00e9 aux \u0153ufs, poussins et jeunes sujets\" style=\"object-fit:cover;\" srcset=\"https:\/\/mail.protezione-animali-psa.ch\/app\/uploads\/2024\/04\/kuekenmarkt.jpg 979w, https:\/\/mail.protezione-animali-psa.ch\/app\/uploads\/2024\/04\/kuekenmarkt-300x198.jpg 300w, https:\/\/mail.protezione-animali-psa.ch\/app\/uploads\/2024\/04\/kuekenmarkt-768x508.jpg 768w\" sizes=\"auto, (max-width: 979px) 100vw, 979px\" \/><\/a><\/figure>\n\n<div class=\"taxonomy-category has-text-color has-secondary-color has-background has-background-background-color wp-block-post-terms\"><div href=\"https:\/\/mail.protezione-animali-psa.ch\/fr\/exhibit-tag\/nouveau\/\" rel=\"tag\">Nouveau<\/div><\/div>\n\n<h3 class=\"wp-block-post-title\"><a href=\"https:\/\/mail.protezione-animali-psa.ch\/fr\/exhibit\/marche-aux-oeufs-poussins-et-jeunes-sujets\/\" target=\"_self\" >March\u00e9 aux \u0153ufs, poussins et jeunes sujets<\/a><\/h3>\n\n<div class=\"wp-block-post-date has-text-color has-secondary-color\"><time datetime=\"2023-09-04T15:42:00+02:00\">4 septembre 2023<\/time><\/div>\n\n<div class=\"wp-block-post-excerpt\"><p class=\"wp-block-post-excerpt__excerpt\">March\u00e9 aux \u0153ufs, poussins et jeunes sujets, St.\u2009Triphon Visit\u00e9 le 13 mai 2023 de 10h30 \u00e0 13h00 Des manifestations comme<\/p><p class=\"wp-block-post-excerpt__more-text\"><a class=\"wp-block-post-excerpt__more-link\" href=\"https:\/\/mail.protezione-animali-psa.ch\/fr\/exhibit\/marche-aux-oeufs-poussins-et-jeunes-sujets\/\">Vers le rapport<\/a><\/p><\/div>\n<\/li><li class=\"wp-block-post post-20061 exhibit type-exhibit status-publish has-post-thumbnail hentry exhibit-category-expositions-animales exhibit-tag-nouveau\">\n<figure class=\"wp-block-post-featured-image\"><a href=\"https:\/\/mail.protezione-animali-psa.ch\/fr\/exhibit\/world-dog-show\/\" target=\"_self\"  ><img loading=\"lazy\" decoding=\"async\" width=\"975\" height=\"647\" src=\"https:\/\/mail.protezione-animali-psa.ch\/app\/uploads\/2024\/05\/World-of-dogs.jpg\" class=\"attachment-post-thumbnail size-post-thumbnail wp-post-image\" alt=\"World Dog Show\" style=\"object-fit:cover;\" srcset=\"https:\/\/mail.protezione-animali-psa.ch\/app\/uploads\/2024\/05\/World-of-dogs.jpg 975w, https:\/\/mail.protezione-animali-psa.ch\/app\/uploads\/2024\/05\/World-of-dogs-300x199.jpg 300w, https:\/\/mail.protezione-animali-psa.ch\/app\/uploads\/2024\/05\/World-of-dogs-768x510.jpg 768w\" sizes=\"auto, (max-width: 975px) 100vw, 975px\" \/><\/a><\/figure>\n\n<div class=\"taxonomy-category has-text-color has-secondary-color has-background has-background-background-color wp-block-post-terms\"><div href=\"https:\/\/mail.protezione-animali-psa.ch\/fr\/exhibit-tag\/nouveau\/\" rel=\"tag\">Nouveau<\/div><\/div>\n\n<h3 class=\"wp-block-post-title\"><a href=\"https:\/\/mail.protezione-animali-psa.ch\/fr\/exhibit\/world-dog-show\/\" target=\"_self\" >World Dog Show<\/a><\/h3>\n\n<div class=\"wp-block-post-date has-text-color has-secondary-color\"><time datetime=\"2023-08-27T13:36:00+02:00\">27 ao\u00fbt 2023<\/time><\/div>\n\n<div class=\"wp-block-post-excerpt\"><p class=\"wp-block-post-excerpt__excerpt\">Le World Dog Show, qui se d\u00e9roule chaque ann\u00e9e dans un pays diff\u00e9rent, est l\u2019un des plus grands \u00e9v\u00e9nements canins du monde et attire \u00e0 chaque fois des milliers de participants et de visiteurs du monde entier.<\/p><p class=\"wp-block-post-excerpt__more-text\"><a class=\"wp-block-post-excerpt__more-link\" href=\"https:\/\/mail.protezione-animali-psa.ch\/fr\/exhibit\/world-dog-show\/\">Vers le rapport<\/a><\/p><\/div>\n<\/li><li class=\"wp-block-post post-6155 exhibit type-exhibit status-publish has-post-thumbnail hentry exhibit-category-expositions-animales exhibit-tag-update-fr\">\n<figure class=\"wp-block-post-featured-image\"><a href=\"https:\/\/mail.protezione-animali-psa.ch\/fr\/exhibit\/offa\/\" target=\"_self\"  ><img loading=\"lazy\" decoding=\"async\" width=\"977\" height=\"563\" src=\"https:\/\/mail.protezione-animali-psa.ch\/app\/uploads\/2023\/06\/STS-OFFA-St.-Gallen.jpg\" class=\"attachment-post-thumbnail size-post-thumbnail wp-post-image\" alt=\"OFFA\" style=\"object-fit:cover;\" srcset=\"https:\/\/mail.protezione-animali-psa.ch\/app\/uploads\/2023\/06\/STS-OFFA-St.-Gallen.jpg 977w, https:\/\/mail.protezione-animali-psa.ch\/app\/uploads\/2023\/06\/STS-OFFA-St.-Gallen-300x173.jpg 300w, https:\/\/mail.protezione-animali-psa.ch\/app\/uploads\/2023\/06\/STS-OFFA-St.-Gallen-768x443.jpg 768w\" sizes=\"auto, (max-width: 977px) 100vw, 977px\" \/><\/a><\/figure>\n\n<div class=\"taxonomy-category has-text-color has-secondary-color has-background has-background-background-color wp-block-post-terms\"><div href=\"https:\/\/mail.protezione-animali-psa.ch\/fr\/exhibit-tag\/update-fr\/\" rel=\"tag\">Update<\/div><\/div>\n\n<h3 class=\"wp-block-post-title\"><a href=\"https:\/\/mail.protezione-animali-psa.ch\/fr\/exhibit\/offa\/\" target=\"_self\" >OFFA<\/a><\/h3>\n\n<div class=\"wp-block-post-date has-text-color has-secondary-color\"><time datetime=\"2023-04-23T13:37:00+02:00\">23 avril 2023<\/time><\/div>\n\n<div class=\"wp-block-post-excerpt\"><p class=\"wp-block-post-excerpt__excerpt\">La d\u00e9tention d\u2019animaux et les diverses pr\u00e9sentations impliquant des chevaux \u00e0 l\u2019OFFA 2023 sont apparues pour la plupart sous un jour exemplaire. De nombreux exemples positifs ont pu \u00eatre observ\u00e9s et les cavaliers ainsi que les exposants ont montr\u00e9 leur art (\u00e9questre) et leurs chevaux avec grand professionnalisme et respect des animaux.<\/p><p class=\"wp-block-post-excerpt__more-text\"><a class=\"wp-block-post-excerpt__more-link\" href=\"https:\/\/mail.protezione-animali-psa.ch\/fr\/exhibit\/offa\/\">Vers le rapport<\/a><\/p><\/div>\n<\/li><li class=\"wp-block-post post-6130 exhibit type-exhibit status-publish has-post-thumbnail hentry exhibit-category-expositions-animales exhibit-tag-update-fr\">\n<figure class=\"wp-block-post-featured-image\"><a href=\"https:\/\/mail.protezione-animali-psa.ch\/fr\/exhibit\/buremarit-munsingen\/\" target=\"_self\"  ><img loading=\"lazy\" decoding=\"async\" width=\"975\" height=\"626\" src=\"https:\/\/mail.protezione-animali-psa.ch\/app\/uploads\/2023\/06\/STS-Buremaerit-Muensingen.jpg\" class=\"attachment-post-thumbnail size-post-thumbnail wp-post-image\" alt=\"Burem\u00e4rit M\u00fcnsingen\" style=\"object-fit:cover;\" srcset=\"https:\/\/mail.protezione-animali-psa.ch\/app\/uploads\/2023\/06\/STS-Buremaerit-Muensingen.jpg 975w, https:\/\/mail.protezione-animali-psa.ch\/app\/uploads\/2023\/06\/STS-Buremaerit-Muensingen-300x193.jpg 300w, https:\/\/mail.protezione-animali-psa.ch\/app\/uploads\/2023\/06\/STS-Buremaerit-Muensingen-768x493.jpg 768w\" sizes=\"auto, (max-width: 975px) 100vw, 975px\" \/><\/a><\/figure>\n\n<div class=\"taxonomy-category has-text-color has-secondary-color has-background has-background-background-color wp-block-post-terms\"><div href=\"https:\/\/mail.protezione-animali-psa.ch\/fr\/exhibit-tag\/update-fr\/\" rel=\"tag\">Update<\/div><\/div>\n\n<h3 class=\"wp-block-post-title\"><a href=\"https:\/\/mail.protezione-animali-psa.ch\/fr\/exhibit\/buremarit-munsingen\/\" target=\"_self\" >Burem\u00e4rit M\u00fcnsingen<\/a><\/h3>\n\n<div class=\"wp-block-post-date has-text-color has-secondary-color\"><time datetime=\"2023-04-10T12:22:00+02:00\">10 avril 2023<\/time><\/div>\n\n<div class=\"wp-block-post-excerpt\"><p class=\"wp-block-post-excerpt__excerpt\">Dans l\u2019ensemble, des am\u00e9liorations pour le bien-\u00eatre des animaux \u00e9taient visibles au march\u00e9 animalier de cette ann\u00e9e \u00e0 M\u00fcnsingen BE. Les exposants se sont manifestement efforc\u00e9s d\u2019informer \u00e9galement les acheteurs sur les prescriptions en vigueur. S\u2019agissant des petits animaux, il y avait tout de m\u00eame souvent des barri\u00e8res, de meilleures possibilit\u00e9s de retrait et davantage\u2026<\/p><p class=\"wp-block-post-excerpt__more-text\"><a class=\"wp-block-post-excerpt__more-link\" href=\"https:\/\/mail.protezione-animali-psa.ch\/fr\/exhibit\/buremarit-munsingen\/\">Vers le rapport<\/a><\/p><\/div>\n<\/li><li class=\"wp-block-post post-11021 exhibit type-exhibit status-publish has-post-thumbnail hentry exhibit-category-expositions-animales exhibit-tag-nouveau\">\n<figure class=\"wp-block-post-featured-image\"><a href=\"https:\/\/mail.protezione-animali-psa.ch\/fr\/exhibit\/swiss-wild-life\/\" target=\"_self\"  ><img loading=\"lazy\" decoding=\"async\" width=\"977\" height=\"566\" src=\"https:\/\/mail.protezione-animali-psa.ch\/app\/uploads\/2023\/10\/reptilienboerse-Dompierre.jpg\" class=\"attachment-post-thumbnail size-post-thumbnail wp-post-image\" alt=\"Swiss Wild Life\" style=\"object-fit:cover;\" srcset=\"https:\/\/mail.protezione-animali-psa.ch\/app\/uploads\/2023\/10\/reptilienboerse-Dompierre.jpg 977w, https:\/\/mail.protezione-animali-psa.ch\/app\/uploads\/2023\/10\/reptilienboerse-Dompierre-300x174.jpg 300w, https:\/\/mail.protezione-animali-psa.ch\/app\/uploads\/2023\/10\/reptilienboerse-Dompierre-768x445.jpg 768w\" sizes=\"auto, (max-width: 977px) 100vw, 977px\" \/><\/a><\/figure>\n\n<div class=\"taxonomy-category has-text-color has-secondary-color has-background has-background-background-color wp-block-post-terms\"><div href=\"https:\/\/mail.protezione-animali-psa.ch\/fr\/exhibit-tag\/nouveau\/\" rel=\"tag\">Nouveau<\/div><\/div>\n\n<h3 class=\"wp-block-post-title\"><a href=\"https:\/\/mail.protezione-animali-psa.ch\/fr\/exhibit\/swiss-wild-life\/\" target=\"_self\" >Swiss Wild Life<\/a><\/h3>\n\n<div class=\"wp-block-post-date has-text-color has-secondary-color\"><time datetime=\"2023-03-05T13:50:00+01:00\">5 mars 2023<\/time><\/div>\n\n<div class=\"wp-block-post-excerpt\"><p class=\"wp-block-post-excerpt__excerpt\">La bourse aux animaux de Dompierre doit \u00eatre am\u00e9lior\u00e9e dans certains domaines. Que ce soit sous l\u2019angle de la d\u00e9tention des animaux (possibilit\u00e9 de se retirer, de grimper, pr\u00e9sentation dans des conteneurs individuels accessibles, etc.) ou en mati\u00e8re d\u2019\u00e9tiquetage des r\u00e9cipients et d\u2019obligation d\u2019information.<\/p><p class=\"wp-block-post-excerpt__more-text\"><a class=\"wp-block-post-excerpt__more-link\" href=\"https:\/\/mail.protezione-animali-psa.ch\/fr\/exhibit\/swiss-wild-life\/\">Vers le rapport<\/a><\/p><\/div>\n<\/li><li class=\"wp-block-post post-6162 exhibit type-exhibit status-publish has-post-thumbnail hentry exhibit-category-expositions-animales\">\n<figure class=\"wp-block-post-featured-image\"><a href=\"https:\/\/mail.protezione-animali-psa.ch\/fr\/exhibit\/olma-st-gall\/\" target=\"_self\"  ><img loading=\"lazy\" decoding=\"async\" width=\"450\" height=\"626\" src=\"https:\/\/mail.protezione-animali-psa.ch\/app\/uploads\/2023\/06\/STS-Olma-St.-Gallen.jpg\" class=\"attachment-post-thumbnail size-post-thumbnail wp-post-image\" alt=\"OLMA St. Gall\" style=\"object-fit:cover;\" srcset=\"https:\/\/mail.protezione-animali-psa.ch\/app\/uploads\/2023\/06\/STS-Olma-St.-Gallen.jpg 450w, https:\/\/mail.protezione-animali-psa.ch\/app\/uploads\/2023\/06\/STS-Olma-St.-Gallen-216x300.jpg 216w\" sizes=\"auto, (max-width: 450px) 100vw, 450px\" \/><\/a><\/figure>\n\n<div class=\"taxonomy-category has-text-color has-secondary-color has-background has-background-background-color wp-block-post-terms\"><\/div>\n\n<h3 class=\"wp-block-post-title\"><a href=\"https:\/\/mail.protezione-animali-psa.ch\/fr\/exhibit\/olma-st-gall\/\" target=\"_self\" >OLMA St. Gall<\/a><\/h3>\n\n<div class=\"wp-block-post-date has-text-color has-secondary-color\"><time datetime=\"2022-10-17T13:40:44+02:00\">17 octobre 2022<\/time><\/div>\n\n<div class=\"wp-block-post-excerpt\"><p class=\"wp-block-post-excerpt__excerpt\">L\u2019OLMA est la foire grand public la plus importante et la plus fr\u00e9quent\u00e9e de Suisse orientale. Des centaines de milliers de visiteurs affluent de toutes les r\u00e9gions du pays pour visiter en automne cette foire \u00e0 caract\u00e8re agricole et traditionnel.<\/p><p class=\"wp-block-post-excerpt__more-text\"><a class=\"wp-block-post-excerpt__more-link\" href=\"https:\/\/mail.protezione-animali-psa.ch\/fr\/exhibit\/olma-st-gall\/\">Vers le rapport<\/a><\/p><\/div>\n<\/li><li class=\"wp-block-post post-6142 exhibit type-exhibit status-publish has-post-thumbnail hentry exhibit-category-expositions-animales\">\n<figure class=\"wp-block-post-featured-image\"><a href=\"https:\/\/mail.protezione-animali-psa.ch\/fr\/exhibit\/exposition-feline-internationale-laufen\/\" target=\"_self\"  ><img loading=\"lazy\" decoding=\"async\" width=\"977\" height=\"649\" src=\"https:\/\/mail.protezione-animali-psa.ch\/app\/uploads\/2023\/06\/STS-Internationale-Katzenausstellung-Laufen.jpg\" class=\"attachment-post-thumbnail size-post-thumbnail wp-post-image\" alt=\"Exposition f\u00e9line internationale Laufen\" style=\"object-fit:cover;\" srcset=\"https:\/\/mail.protezione-animali-psa.ch\/app\/uploads\/2023\/06\/STS-Internationale-Katzenausstellung-Laufen.jpg 977w, https:\/\/mail.protezione-animali-psa.ch\/app\/uploads\/2023\/06\/STS-Internationale-Katzenausstellung-Laufen-300x199.jpg 300w, https:\/\/mail.protezione-animali-psa.ch\/app\/uploads\/2023\/06\/STS-Internationale-Katzenausstellung-Laufen-768x510.jpg 768w\" sizes=\"auto, (max-width: 977px) 100vw, 977px\" \/><\/a><\/figure>\n\n<div class=\"taxonomy-category has-text-color has-secondary-color has-background has-background-background-color wp-block-post-terms\"><\/div>\n\n<h3 class=\"wp-block-post-title\"><a href=\"https:\/\/mail.protezione-animali-psa.ch\/fr\/exhibit\/exposition-feline-internationale-laufen\/\" target=\"_self\" >Exposition f\u00e9line internationale Laufen<\/a><\/h3>\n\n<div class=\"wp-block-post-date has-text-color has-secondary-color\"><time datetime=\"2022-05-21T13:28:00+02:00\">21 mai 2022<\/time><\/div>\n\n<div class=\"wp-block-post-excerpt\"><p class=\"wp-block-post-excerpt__excerpt\">L\u2019atmosph\u00e8re calme et le traitement g\u00e9n\u00e9ralement bon des chats \u00e9taient deux des aspects positifs de l\u2019exposition \u00e0 Laufen. La plupart des animaux avaient manifestement l\u2019habitude de la situation d\u2019exposition et s\u2019en accommodaient bien.<\/p><p class=\"wp-block-post-excerpt__more-text\"><a class=\"wp-block-post-excerpt__more-link\" href=\"https:\/\/mail.protezione-animali-psa.ch\/fr\/exhibit\/exposition-feline-internationale-laufen\/\">Vers le rapport<\/a><\/p><\/div>\n<\/li><li class=\"wp-block-post post-11193 exhibit type-exhibit status-publish has-post-thumbnail hentry exhibit-category-expositions-animales\">\n<figure class=\"wp-block-post-featured-image\"><a href=\"https:\/\/mail.protezione-animali-psa.ch\/fr\/exhibit\/luga-2022\/\" target=\"_self\"  ><img loading=\"lazy\" decoding=\"async\" width=\"979\" height=\"565\" src=\"https:\/\/mail.protezione-animali-psa.ch\/app\/uploads\/2023\/06\/STS-LUGA-Luzern.jpg\" class=\"attachment-post-thumbnail size-post-thumbnail wp-post-image\" alt=\"LUGA 2022\" style=\"object-fit:cover;\" srcset=\"https:\/\/mail.protezione-animali-psa.ch\/app\/uploads\/2023\/06\/STS-LUGA-Luzern.jpg 979w, https:\/\/mail.protezione-animali-psa.ch\/app\/uploads\/2023\/06\/STS-LUGA-Luzern-300x173.jpg 300w, https:\/\/mail.protezione-animali-psa.ch\/app\/uploads\/2023\/06\/STS-LUGA-Luzern-768x443.jpg 768w\" sizes=\"auto, (max-width: 979px) 100vw, 979px\" \/><\/a><\/figure>\n\n<div class=\"taxonomy-category has-text-color has-secondary-color has-background has-background-background-color wp-block-post-terms\"><\/div>\n\n<h3 class=\"wp-block-post-title\"><a href=\"https:\/\/mail.protezione-animali-psa.ch\/fr\/exhibit\/luga-2022\/\" target=\"_self\" >LUGA 2022<\/a><\/h3>\n\n<div class=\"wp-block-post-date has-text-color has-secondary-color\"><time datetime=\"2022-04-29T13:34:00+02:00\">29 avril 2022<\/time><\/div>\n\n<div class=\"wp-block-post-excerpt\"><p class=\"wp-block-post-excerpt__excerpt\">La Protection Suisse des Animaux PSA attend des expositions qu\u2019elles prennent non seulement en consid\u00e9ration le bien-\u00eatre des animaux, mais qu\u2019elles aient aussi un r\u00f4le d\u2019exemplarit\u00e9 pour les syst\u00e8mes de d\u00e9tention.<\/p><p class=\"wp-block-post-excerpt__more-text\"><a class=\"wp-block-post-excerpt__more-link\" href=\"https:\/\/mail.protezione-animali-psa.ch\/fr\/exhibit\/luga-2022\/\">Vers le rapport<\/a><\/p><\/div>\n<\/li><li class=\"wp-block-post post-6167 exhibit type-exhibit status-publish has-post-thumbnail hentry exhibit-category-expositions-animales\">\n<figure class=\"wp-block-post-featured-image\"><a href=\"https:\/\/mail.protezione-animali-psa.ch\/fr\/exhibit\/exposition-de-reptiles-yverdon-les-bains\/\" target=\"_self\"  ><img loading=\"lazy\" decoding=\"async\" width=\"977\" height=\"565\" src=\"https:\/\/mail.protezione-animali-psa.ch\/app\/uploads\/2023\/06\/STS-Exposition-de-reptiles-Yverdon-les-Bains.jpg\" class=\"attachment-post-thumbnail size-post-thumbnail wp-post-image\" alt=\"Exposition de reptiles, Yverdon-les-Bains\" style=\"object-fit:cover;\" srcset=\"https:\/\/mail.protezione-animali-psa.ch\/app\/uploads\/2023\/06\/STS-Exposition-de-reptiles-Yverdon-les-Bains.jpg 977w, https:\/\/mail.protezione-animali-psa.ch\/app\/uploads\/2023\/06\/STS-Exposition-de-reptiles-Yverdon-les-Bains-300x173.jpg 300w, https:\/\/mail.protezione-animali-psa.ch\/app\/uploads\/2023\/06\/STS-Exposition-de-reptiles-Yverdon-les-Bains-768x444.jpg 768w\" sizes=\"auto, (max-width: 977px) 100vw, 977px\" \/><\/a><\/figure>\n\n<div class=\"taxonomy-category has-text-color has-secondary-color has-background has-background-background-color wp-block-post-terms\"><\/div>\n\n<h3 class=\"wp-block-post-title\"><a href=\"https:\/\/mail.protezione-animali-psa.ch\/fr\/exhibit\/exposition-de-reptiles-yverdon-les-bains\/\" target=\"_self\" >Exposition de reptiles, Yverdon-les-Bains<\/a><\/h3>\n\n<div class=\"wp-block-post-date has-text-color has-secondary-color\"><time datetime=\"2022-03-05T13:45:00+01:00\">5 mars 2022<\/time><\/div>\n\n<div class=\"wp-block-post-excerpt\"><p class=\"wp-block-post-excerpt__excerpt\">Exposition de reptiles, Yverdon-les-Bains 21 f\u00e9vrier au 5 mars 2022, visit\u00e9e le 3 mars 2022 Conclusion Exigences de la PSA<\/p><p class=\"wp-block-post-excerpt__more-text\"><a class=\"wp-block-post-excerpt__more-link\" href=\"https:\/\/mail.protezione-animali-psa.ch\/fr\/exhibit\/exposition-de-reptiles-yverdon-les-bains\/\">Vers le rapport<\/a><\/p><\/div>\n<\/li><li class=\"wp-block-post post-11130 exhibit type-exhibit status-publish has-post-thumbnail hentry exhibit-category-expositions-animales\">\n<figure class=\"wp-block-post-featured-image\"><a href=\"https:\/\/mail.protezione-animali-psa.ch\/fr\/exhibit\/reptiles-expo\/\" target=\"_self\"  ><img loading=\"lazy\" decoding=\"async\" width=\"1395\" height=\"1069\" src=\"https:\/\/mail.protezione-animali-psa.ch\/app\/uploads\/2023\/10\/Reptiles-Expo.jpg\" class=\"attachment-post-thumbnail size-post-thumbnail wp-post-image\" alt=\"Reptiles Expo\" style=\"object-fit:cover;\" srcset=\"https:\/\/mail.protezione-animali-psa.ch\/app\/uploads\/2023\/10\/Reptiles-Expo.jpg 1395w, https:\/\/mail.protezione-animali-psa.ch\/app\/uploads\/2023\/10\/Reptiles-Expo-300x230.jpg 300w, https:\/\/mail.protezione-animali-psa.ch\/app\/uploads\/2023\/10\/Reptiles-Expo-1024x785.jpg 1024w, https:\/\/mail.protezione-animali-psa.ch\/app\/uploads\/2023\/10\/Reptiles-Expo-768x589.jpg 768w\" sizes=\"auto, (max-width: 1395px) 100vw, 1395px\" \/><\/a><\/figure>\n\n<div class=\"taxonomy-category has-text-color has-secondary-color has-background has-background-background-color wp-block-post-terms\"><\/div>\n\n<h3 class=\"wp-block-post-title\"><a href=\"https:\/\/mail.protezione-animali-psa.ch\/fr\/exhibit\/reptiles-expo\/\" target=\"_self\" >Reptiles Expo<\/a><\/h3>\n\n<div class=\"wp-block-post-date has-text-color has-secondary-color\"><time datetime=\"2020-10-28T16:18:00+01:00\">28 octobre 2020<\/time><\/div>\n\n<div class=\"wp-block-post-excerpt\"><p class=\"wp-block-post-excerpt__excerpt\">La d\u00e9tention des animaux \u00e0 Reptiles Expo a laiss\u00e9 une impression mitig\u00e9e. D\u2019une part, la plupart des enclos \u00e9taient conformes \u00e0 la loi et l\u2019am\u00e9nagement des enclos des serpents et des invert\u00e9br\u00e9s en particulier a \u00e9t\u00e9 salu\u00e9 positivement dans une large mesure, car proche des conditions naturelles et vari\u00e9.<\/p><p class=\"wp-block-post-excerpt__more-text\"><a class=\"wp-block-post-excerpt__more-link\" href=\"https:\/\/mail.protezione-animali-psa.ch\/fr\/exhibit\/reptiles-expo\/\">Vers le rapport<\/a><\/p><\/div>\n<\/li><li class=\"wp-block-post post-11151 exhibit type-exhibit status-publish has-post-thumbnail hentry exhibit-category-expositions-animales\">\n<figure class=\"wp-block-post-featured-image\"><a href=\"https:\/\/mail.protezione-animali-psa.ch\/fr\/exhibit\/le-monde-fascinant-des-animaux\/\" target=\"_self\"  ><img loading=\"lazy\" decoding=\"async\" width=\"979\" height=\"804\" src=\"https:\/\/mail.protezione-animali-psa.ch\/app\/uploads\/2023\/10\/Faszinierende-Tierwelt.jpg\" class=\"attachment-post-thumbnail size-post-thumbnail wp-post-image\" alt=\"Le monde fascinant des animaux\" style=\"object-fit:cover;\" srcset=\"https:\/\/mail.protezione-animali-psa.ch\/app\/uploads\/2023\/10\/Faszinierende-Tierwelt.jpg 979w, https:\/\/mail.protezione-animali-psa.ch\/app\/uploads\/2023\/10\/Faszinierende-Tierwelt-300x246.jpg 300w, https:\/\/mail.protezione-animali-psa.ch\/app\/uploads\/2023\/10\/Faszinierende-Tierwelt-768x631.jpg 768w\" sizes=\"auto, (max-width: 979px) 100vw, 979px\" \/><\/a><\/figure>\n\n<div class=\"taxonomy-category has-text-color has-secondary-color has-background has-background-background-color wp-block-post-terms\"><\/div>\n\n<h3 class=\"wp-block-post-title\"><a href=\"https:\/\/mail.protezione-animali-psa.ch\/fr\/exhibit\/le-monde-fascinant-des-animaux\/\" target=\"_self\" >Le monde fascinant des animaux<\/a><\/h3>\n\n<div class=\"wp-block-post-date has-text-color has-secondary-color\"><time datetime=\"2020-09-24T16:48:00+02:00\">24 septembre 2020<\/time><\/div>\n\n<div class=\"wp-block-post-excerpt\"><p class=\"wp-block-post-excerpt__excerpt\">Les conditions de d\u00e9tention et l\u2019am\u00e9nagement des terrariums ont fait une bonne impression g\u00e9n\u00e9rale. La critique principale porte sur le fait qu\u2019il s\u2019agit d\u2019une exposition itin\u00e9rante qui induit souvent des g\u00eanes suppl\u00e9mentaires pour les animaux expos\u00e9s.<\/p><p class=\"wp-block-post-excerpt__more-text\"><a class=\"wp-block-post-excerpt__more-link\" href=\"https:\/\/mail.protezione-animali-psa.ch\/fr\/exhibit\/le-monde-fascinant-des-animaux\/\">Vers le rapport<\/a><\/p><\/div>\n<\/li><li class=\"wp-block-post post-6147 exhibit type-exhibit status-publish has-post-thumbnail hentry exhibit-category-expositions-animales\">\n<figure class=\"wp-block-post-featured-image\"><a href=\"https:\/\/mail.protezione-animali-psa.ch\/fr\/exhibit\/marche-concours-saignelegier\/\" target=\"_self\"  ><img loading=\"lazy\" decoding=\"async\" width=\"979\" height=\"623\" src=\"https:\/\/mail.protezione-animali-psa.ch\/app\/uploads\/2023\/06\/sts-marche-concors.jpg\" class=\"attachment-post-thumbnail size-post-thumbnail wp-post-image\" alt=\"March\u00e9-Concours Saignel\u00e9gier\" style=\"object-fit:cover;\" srcset=\"https:\/\/mail.protezione-animali-psa.ch\/app\/uploads\/2023\/06\/sts-marche-concors.jpg 979w, https:\/\/mail.protezione-animali-psa.ch\/app\/uploads\/2023\/06\/sts-marche-concors-300x191.jpg 300w, https:\/\/mail.protezione-animali-psa.ch\/app\/uploads\/2023\/06\/sts-marche-concors-768x489.jpg 768w\" sizes=\"auto, (max-width: 979px) 100vw, 979px\" \/><\/a><\/figure>\n\n<div class=\"taxonomy-category has-text-color has-secondary-color has-background has-background-background-color wp-block-post-terms\"><\/div>\n\n<h3 class=\"wp-block-post-title\"><a href=\"https:\/\/mail.protezione-animali-psa.ch\/fr\/exhibit\/marche-concours-saignelegier\/\" target=\"_self\" >March\u00e9-Concours Saignel\u00e9gier<\/a><\/h3>\n\n<div class=\"wp-block-post-date has-text-color has-secondary-color\"><time datetime=\"2019-08-10T14:57:00+02:00\">10 ao\u00fbt 2019<\/time><\/div>\n\n<div class=\"wp-block-post-excerpt\"><p class=\"wp-block-post-excerpt__excerpt\">March\u00e9-Concours Saignel\u00e9gier Du 12 au 14 ao\u00fbt 2022, visit\u00e9 le 14 ao\u00fbt 2022 Bien que le March\u00e9-Concours d\u00e9fende les valeurs<\/p><p class=\"wp-block-post-excerpt__more-text\"><a class=\"wp-block-post-excerpt__more-link\" href=\"https:\/\/mail.protezione-animali-psa.ch\/fr\/exhibit\/marche-concours-saignelegier\/\">Vers le rapport<\/a><\/p><\/div>\n<\/li><\/ul>\n\n\n\n<\/div>\n<\/div>\n","protected":false},"excerpt":{"rendered":"<p>Introduction Points critiques des expositions d&#8217;animaux Rapports d&#8217;expositions d&#8217;animaux et de b\u00e9tail Expositions d\u2019animaux Plusieurs centaines de milliers de visiteurs [&hellip;]<\/p>\n","protected":false},"author":5,"featured_media":0,"parent":4302,"menu_order":383,"comment_status":"closed","ping_status":"closed","template":"","meta":{"_acf_changed":false,"inline_featured_image":false,"_vp_format_video_url":"","_vp_image_focal_point":[],"footnotes":""},"class_list":["post-6125","page","type-page","status-publish","hentry"],"acf":[],"yoast_head":"<!-- This site is optimized with the Yoast SEO Premium plugin v27.4 (Yoast SEO v27.4) - https:\/\/yoast.com\/product\/yoast-seo-premium-wordpress\/ -->\n<title>Expositions animales et de b\u00e9tail - Protection Suisse des Animaux PSA<\/title>\n<meta name=\"robots\" content=\"index, follow, max-snippet:-1, max-image-preview:large, max-video-preview:-1\" \/>\n<link rel=\"canonical\" href=\"https:\/\/mail.protezione-animali-psa.ch\/fr\/protection-des-animaux\/rubriques\/expositions-animales-et-de-betail\/\" \/>\n<meta property=\"og:locale\" content=\"fr_FR\" \/>\n<meta property=\"og:type\" content=\"article\" \/>\n<meta property=\"og:title\" content=\"Expositions animales et de b\u00e9tail\" \/>\n<meta property=\"og:description\" content=\"Introduction Points critiques des expositions d&#8217;animaux Rapports d&#8217;expositions d&#8217;animaux et de b\u00e9tail Expositions d\u2019animaux Plusieurs centaines de milliers de visiteurs [&hellip;]\" \/>\n<meta property=\"og:url\" content=\"https:\/\/mail.protezione-animali-psa.ch\/fr\/protection-des-animaux\/rubriques\/expositions-animales-et-de-betail\/\" \/>\n<meta property=\"og:site_name\" content=\"Protection Suisse des Animaux PSA\" \/>\n<meta property=\"article:publisher\" content=\"https:\/\/www.facebook.com\/schweizertierschutz\/\" \/>\n<meta property=\"article:modified_time\" content=\"2024-07-08T07:40:42+00:00\" \/>\n<meta property=\"og:image\" content=\"https:\/\/tierschutz.com\/app\/uploads\/2023\/05\/STS-Tierhaltung-Kuh.jpg\" \/>\n<meta name=\"twitter:card\" content=\"summary_large_image\" \/>\n<meta name=\"twitter:label1\" content=\"Dur\u00e9e de lecture estim\u00e9e\" \/>\n\t<meta name=\"twitter:data1\" content=\"7 minutes\" \/>\n<script type=\"application\/ld+json\" class=\"yoast-schema-graph\">{\"@context\":\"https:\\\/\\\/schema.org\",\"@graph\":[{\"@type\":\"WebPage\",\"@id\":\"https:\\\/\\\/mail.protezione-animali-psa.ch\\\/fr\\\/protection-des-animaux\\\/rubriques\\\/expositions-animales-et-de-betail\\\/\",\"url\":\"https:\\\/\\\/mail.protezione-animali-psa.ch\\\/fr\\\/protection-des-animaux\\\/rubriques\\\/expositions-animales-et-de-betail\\\/\",\"name\":\"Expositions animales et de b\u00e9tail - Protection Suisse des Animaux PSA\",\"isPartOf\":{\"@id\":\"https:\\\/\\\/tierschutz.com\\\/it\\\/#website\"},\"primaryImageOfPage\":{\"@id\":\"https:\\\/\\\/mail.protezione-animali-psa.ch\\\/fr\\\/protection-des-animaux\\\/rubriques\\\/expositions-animales-et-de-betail\\\/#primaryimage\"},\"image\":{\"@id\":\"https:\\\/\\\/mail.protezione-animali-psa.ch\\\/fr\\\/protection-des-animaux\\\/rubriques\\\/expositions-animales-et-de-betail\\\/#primaryimage\"},\"thumbnailUrl\":\"https:\\\/\\\/tierschutz.com\\\/app\\\/uploads\\\/2023\\\/05\\\/STS-Tierhaltung-Kuh.jpg\",\"datePublished\":\"2023-05-04T13:10:59+00:00\",\"dateModified\":\"2024-07-08T07:40:42+00:00\",\"breadcrumb\":{\"@id\":\"https:\\\/\\\/mail.protezione-animali-psa.ch\\\/fr\\\/protection-des-animaux\\\/rubriques\\\/expositions-animales-et-de-betail\\\/#breadcrumb\"},\"inLanguage\":\"fr-FR\",\"potentialAction\":[{\"@type\":\"ReadAction\",\"target\":[\"https:\\\/\\\/mail.protezione-animali-psa.ch\\\/fr\\\/protection-des-animaux\\\/rubriques\\\/expositions-animales-et-de-betail\\\/\"]}]},{\"@type\":\"ImageObject\",\"inLanguage\":\"fr-FR\",\"@id\":\"https:\\\/\\\/mail.protezione-animali-psa.ch\\\/fr\\\/protection-des-animaux\\\/rubriques\\\/expositions-animales-et-de-betail\\\/#primaryimage\",\"url\":\"https:\\\/\\\/tierschutz.com\\\/app\\\/uploads\\\/2023\\\/05\\\/STS-Tierhaltung-Kuh.jpg\",\"contentUrl\":\"https:\\\/\\\/tierschutz.com\\\/app\\\/uploads\\\/2023\\\/05\\\/STS-Tierhaltung-Kuh.jpg\"},{\"@type\":\"BreadcrumbList\",\"@id\":\"https:\\\/\\\/mail.protezione-animali-psa.ch\\\/fr\\\/protection-des-animaux\\\/rubriques\\\/expositions-animales-et-de-betail\\\/#breadcrumb\",\"itemListElement\":[{\"@type\":\"ListItem\",\"position\":1,\"name\":\"Page d\u2019accueil\",\"item\":\"https:\\\/\\\/mail.swiss-animal-protection.ch\\\/fr\\\/\"},{\"@type\":\"ListItem\",\"position\":2,\"name\":\"Protection des animaux\u00a0\",\"item\":\"https:\\\/\\\/mail.schweizer-tierschutz-sts.ch\\\/fr\\\/protection-des-animaux\\\/\"},{\"@type\":\"ListItem\",\"position\":3,\"name\":\"Rubriques\",\"item\":\"https:\\\/\\\/mail.schweizer-tierschutz-sts.ch\\\/fr\\\/protection-des-animaux\\\/rubriques\\\/\"},{\"@type\":\"ListItem\",\"position\":4,\"name\":\"Expositions animales et de b\u00e9tail\"}]},{\"@type\":\"WebSite\",\"@id\":\"https:\\\/\\\/tierschutz.com\\\/it\\\/#website\",\"url\":\"https:\\\/\\\/tierschutz.com\\\/it\\\/\",\"name\":\"tierschutz.com\",\"description\":\"Wir setzen uns f\u00fcr das Wohl der Tiere ein.\",\"publisher\":{\"@id\":\"https:\\\/\\\/tierschutz.com\\\/it\\\/#organization\"},\"alternateName\":\"Schweizer Tierschutz STS\",\"potentialAction\":[{\"@type\":\"SearchAction\",\"target\":{\"@type\":\"EntryPoint\",\"urlTemplate\":\"https:\\\/\\\/tierschutz.com\\\/it\\\/?s={search_term_string}\"},\"query-input\":{\"@type\":\"PropertyValueSpecification\",\"valueRequired\":true,\"valueName\":\"search_term_string\"}}],\"inLanguage\":\"fr-FR\"},{\"@type\":\"Organization\",\"@id\":\"https:\\\/\\\/tierschutz.com\\\/it\\\/#organization\",\"name\":\"Schweizer Tierschutz STS\",\"alternateName\":\"STS\",\"url\":\"https:\\\/\\\/tierschutz.com\\\/it\\\/\",\"logo\":{\"@type\":\"ImageObject\",\"inLanguage\":\"fr-FR\",\"@id\":\"https:\\\/\\\/tierschutz.com\\\/it\\\/#\\\/schema\\\/logo\\\/image\\\/\",\"url\":\"https:\\\/\\\/mail.protezione-animali-psa.ch\\\/app\\\/uploads\\\/2024\\\/04\\\/logo-schweizer-tierschutz-sts-1.svg\",\"contentUrl\":\"https:\\\/\\\/mail.protezione-animali-psa.ch\\\/app\\\/uploads\\\/2024\\\/04\\\/logo-schweizer-tierschutz-sts-1.svg\",\"caption\":\"Schweizer Tierschutz STS\"},\"image\":{\"@id\":\"https:\\\/\\\/tierschutz.com\\\/it\\\/#\\\/schema\\\/logo\\\/image\\\/\"},\"sameAs\":[\"https:\\\/\\\/www.facebook.com\\\/schweizertierschutz\\\/\",\"https:\\\/\\\/www.instagram.com\\\/schweizertierschutzsts\\\/\",\"https:\\\/\\\/www.youtube.com\\\/@STS_Tierschutz\",\"https:\\\/\\\/www.linkedin.com\\\/company\\\/schweizertierschutzsts\\\/\"],\"description\":\"Der Schweizer Tierschutz STS ist der Dachverband von 71 Tierschutzorganisationen in allen Sprachregionen der Schweiz und in Liechtenstein. Seine Mitarbeitenden leisten wissenschaftlich fundierte Grundlagenarbeit, setzen sich mit Projekten und Aktionen f\u00fcr den Schutz und das Wohlbefinden von Heim-, Wild-, Nutz- und Versuchstieren ein und sensibilisieren die \u00d6ffentlichkeit f\u00fcr Tierschutzthemen.\",\"email\":\"sts@tierschutz.com\",\"telephone\":\"061 365 99 99\",\"legalName\":\"Schweizer Tierschutz STS\"}]}<\/script>\n<!-- \/ Yoast SEO Premium plugin. -->","yoast_head_json":{"title":"Expositions animales et de b\u00e9tail - Protection Suisse des Animaux PSA","robots":{"index":"index","follow":"follow","max-snippet":"max-snippet:-1","max-image-preview":"max-image-preview:large","max-video-preview":"max-video-preview:-1"},"canonical":"https:\/\/mail.protezione-animali-psa.ch\/fr\/protection-des-animaux\/rubriques\/expositions-animales-et-de-betail\/","og_locale":"fr_FR","og_type":"article","og_title":"Expositions animales et de b\u00e9tail","og_description":"Introduction Points critiques des expositions d&#8217;animaux Rapports d&#8217;expositions d&#8217;animaux et de b\u00e9tail Expositions d\u2019animaux Plusieurs centaines de milliers de visiteurs [&hellip;]","og_url":"https:\/\/mail.protezione-animali-psa.ch\/fr\/protection-des-animaux\/rubriques\/expositions-animales-et-de-betail\/","og_site_name":"Protection Suisse des Animaux PSA","article_publisher":"https:\/\/www.facebook.com\/schweizertierschutz\/","article_modified_time":"2024-07-08T07:40:42+00:00","og_image":[{"url":"https:\/\/tierschutz.com\/app\/uploads\/2023\/05\/STS-Tierhaltung-Kuh.jpg","type":"","width":"","height":""}],"twitter_card":"summary_large_image","twitter_misc":{"Dur\u00e9e de lecture estim\u00e9e":"7 minutes"},"schema":{"@context":"https:\/\/schema.org","@graph":[{"@type":"WebPage","@id":"https:\/\/mail.protezione-animali-psa.ch\/fr\/protection-des-animaux\/rubriques\/expositions-animales-et-de-betail\/","url":"https:\/\/mail.protezione-animali-psa.ch\/fr\/protection-des-animaux\/rubriques\/expositions-animales-et-de-betail\/","name":"Expositions animales et de b\u00e9tail - Protection Suisse des Animaux PSA","isPartOf":{"@id":"https:\/\/tierschutz.com\/it\/#website"},"primaryImageOfPage":{"@id":"https:\/\/mail.protezione-animali-psa.ch\/fr\/protection-des-animaux\/rubriques\/expositions-animales-et-de-betail\/#primaryimage"},"image":{"@id":"https:\/\/mail.protezione-animali-psa.ch\/fr\/protection-des-animaux\/rubriques\/expositions-animales-et-de-betail\/#primaryimage"},"thumbnailUrl":"https:\/\/tierschutz.com\/app\/uploads\/2023\/05\/STS-Tierhaltung-Kuh.jpg","datePublished":"2023-05-04T13:10:59+00:00","dateModified":"2024-07-08T07:40:42+00:00","breadcrumb":{"@id":"https:\/\/mail.protezione-animali-psa.ch\/fr\/protection-des-animaux\/rubriques\/expositions-animales-et-de-betail\/#breadcrumb"},"inLanguage":"fr-FR","potentialAction":[{"@type":"ReadAction","target":["https:\/\/mail.protezione-animali-psa.ch\/fr\/protection-des-animaux\/rubriques\/expositions-animales-et-de-betail\/"]}]},{"@type":"ImageObject","inLanguage":"fr-FR","@id":"https:\/\/mail.protezione-animali-psa.ch\/fr\/protection-des-animaux\/rubriques\/expositions-animales-et-de-betail\/#primaryimage","url":"https:\/\/tierschutz.com\/app\/uploads\/2023\/05\/STS-Tierhaltung-Kuh.jpg","contentUrl":"https:\/\/tierschutz.com\/app\/uploads\/2023\/05\/STS-Tierhaltung-Kuh.jpg"},{"@type":"BreadcrumbList","@id":"https:\/\/mail.protezione-animali-psa.ch\/fr\/protection-des-animaux\/rubriques\/expositions-animales-et-de-betail\/#breadcrumb","itemListElement":[{"@type":"ListItem","position":1,"name":"Page d\u2019accueil","item":"https:\/\/mail.swiss-animal-protection.ch\/fr\/"},{"@type":"ListItem","position":2,"name":"Protection des animaux\u00a0","item":"https:\/\/mail.schweizer-tierschutz-sts.ch\/fr\/protection-des-animaux\/"},{"@type":"ListItem","position":3,"name":"Rubriques","item":"https:\/\/mail.schweizer-tierschutz-sts.ch\/fr\/protection-des-animaux\/rubriques\/"},{"@type":"ListItem","position":4,"name":"Expositions animales et de b\u00e9tail"}]},{"@type":"WebSite","@id":"https:\/\/tierschutz.com\/it\/#website","url":"https:\/\/tierschutz.com\/it\/","name":"tierschutz.com","description":"Wir setzen uns f\u00fcr das Wohl der Tiere ein.","publisher":{"@id":"https:\/\/tierschutz.com\/it\/#organization"},"alternateName":"Schweizer Tierschutz STS","potentialAction":[{"@type":"SearchAction","target":{"@type":"EntryPoint","urlTemplate":"https:\/\/tierschutz.com\/it\/?s={search_term_string}"},"query-input":{"@type":"PropertyValueSpecification","valueRequired":true,"valueName":"search_term_string"}}],"inLanguage":"fr-FR"},{"@type":"Organization","@id":"https:\/\/tierschutz.com\/it\/#organization","name":"Schweizer Tierschutz STS","alternateName":"STS","url":"https:\/\/tierschutz.com\/it\/","logo":{"@type":"ImageObject","inLanguage":"fr-FR","@id":"https:\/\/tierschutz.com\/it\/#\/schema\/logo\/image\/","url":"https:\/\/mail.protezione-animali-psa.ch\/app\/uploads\/2024\/04\/logo-schweizer-tierschutz-sts-1.svg","contentUrl":"https:\/\/mail.protezione-animali-psa.ch\/app\/uploads\/2024\/04\/logo-schweizer-tierschutz-sts-1.svg","caption":"Schweizer Tierschutz STS"},"image":{"@id":"https:\/\/tierschutz.com\/it\/#\/schema\/logo\/image\/"},"sameAs":["https:\/\/www.facebook.com\/schweizertierschutz\/","https:\/\/www.instagram.com\/schweizertierschutzsts\/","https:\/\/www.youtube.com\/@STS_Tierschutz","https:\/\/www.linkedin.com\/company\/schweizertierschutzsts\/"],"description":"Der Schweizer Tierschutz STS ist der Dachverband von 71 Tierschutzorganisationen in allen Sprachregionen der Schweiz und in Liechtenstein. Seine Mitarbeitenden leisten wissenschaftlich fundierte Grundlagenarbeit, setzen sich mit Projekten und Aktionen f\u00fcr den Schutz und das Wohlbefinden von Heim-, Wild-, Nutz- und Versuchstieren ein und sensibilisieren die \u00d6ffentlichkeit f\u00fcr Tierschutzthemen.","email":"sts@tierschutz.com","telephone":"061 365 99 99","legalName":"Schweizer Tierschutz STS"}]}},"_links":{"self":[{"href":"https:\/\/mail.protezione-animali-psa.ch\/fr\/wp-json\/wp\/v2\/pages\/6125","targetHints":{"allow":["GET"]}}],"collection":[{"href":"https:\/\/mail.protezione-animali-psa.ch\/fr\/wp-json\/wp\/v2\/pages"}],"about":[{"href":"https:\/\/mail.protezione-animali-psa.ch\/fr\/wp-json\/wp\/v2\/types\/page"}],"author":[{"embeddable":true,"href":"https:\/\/mail.protezione-animali-psa.ch\/fr\/wp-json\/wp\/v2\/users\/5"}],"replies":[{"embeddable":true,"href":"https:\/\/mail.protezione-animali-psa.ch\/fr\/wp-json\/wp\/v2\/comments?post=6125"}],"version-history":[{"count":18,"href":"https:\/\/mail.protezione-animali-psa.ch\/fr\/wp-json\/wp\/v2\/pages\/6125\/revisions"}],"predecessor-version":[{"id":22287,"href":"https:\/\/mail.protezione-animali-psa.ch\/fr\/wp-json\/wp\/v2\/pages\/6125\/revisions\/22287"}],"up":[{"embeddable":true,"href":"https:\/\/mail.protezione-animali-psa.ch\/fr\/wp-json\/wp\/v2\/pages\/4302"}],"wp:attachment":[{"href":"https:\/\/mail.protezione-animali-psa.ch\/fr\/wp-json\/wp\/v2\/media?parent=6125"}],"curies":[{"name":"wp","href":"https:\/\/api.w.org\/{rel}","templated":true}]}}